{"id":1885,"date":"2020-09-29T16:31:25","date_gmt":"2020-09-29T14:31:25","guid":{"rendered":"https:\/\/kunstmetrodart.be\/?page_id=1885"},"modified":"2021-10-14T10:40:49","modified_gmt":"2021-10-14T08:40:49","slug":"onze-lijnen","status":"publish","type":"page","link":"https:\/\/kunstmetrodart.be\/nl\/onze-lijnen\/","title":{"rendered":"Onze lijnen"},"content":{"rendered":"\n<div class=\"wp-block-columns is-layout-flex wp-container-core-columns-is-layout-1 wp-block-columns-is-layout-flex\">\n<div class=\"wp-block-column is-layout-flow wp-block-column-is-layout-flow\" style=\"flex-basis:10%\"><\/div>\n\n\n\n<div class=\"wp-block-column is-layout-flow wp-block-column-is-layout-flow\">\n<div class=\"wp-block-image\"><figure class=\"aligncenter size-full is-resized\"><img loading=\"lazy\" decoding=\"async\" src=\"https:\/\/kunstmetrodart.be\/wp-content\/uploads\/2021\/10\/crown.jpg\" alt=\"\" class=\"wp-image-2484\" width=\"50\" height=\"50\"\/><\/figure><\/div>\n\n\n\n<p>De Kunstmetrod\u2019art is een geschenk van de Vrienden van&nbsp; de Musea voor Schone Kunsten van Belgi\u00eb ter gelegenheid van het 50-jarig bestaan van de Vrienden en de diensten publieksbemiddeling en het 20-jarige bestaan van het Digitaal Museum.&nbsp;<\/p>\n\n\n\n<p>Dit gelanceerde project heeft als doel een interactieve toegankelijke kunstgeschiedenis van de 15<sup>e<\/sup> tot 21<sup>e<\/sup> eeuw aan te bieden op basis van onze collecties en van de educatieve en onderzoeksdossiers die in de Musea voor Schone Kunsten van Belgi\u00eb werden uitgewerkt.<\/p>\n\n\n\n<p>12 metrolijen nemen u mee op een vituele reis door de sublieme collecties van onze musea.<\/p>\n\n\n\n<p>Op de kruising van het Magritte Museum en de tijdelijke tentoonstellingszalen,&nbsp; zullen&nbsp; 4 touchscreens worden opgesteld waar u op deze virtuele metro kan stappen !&nbsp;<\/p>\n\n\n\n<p>In het Forum zal u een tactiele tafel met dezelfde opzet vinden.<\/p>\n\n\n\n<p><strong>U krijgt toegang tot een webapplicatie die u toelaat een eigen lijn te cre\u00ebren die u kan delen met uw vrienden.<\/strong><\/p>\n<\/div>\n\n\n\n<div class=\"wp-block-column is-layout-flow wp-block-column-is-layout-flow\" style=\"flex-basis:10%\"><\/div>\n<\/div>\n\n\n\n<div class=\"wp-block-group alignfull has-black-background-color has-background\"><div class=\"wp-block-group__inner-container is-layout-flow wp-block-group-is-layout-flow\">\t\t\t<div  class=\" wp-block-grimlock-divider alignfull grimlock-divider grimlock-divider--flip-shape-horizontally grimlock-divider--align-icon-center-center\" style=\"--grimlock-divider-shape-color:rgb(255, 255, 255);--grimlock-divider-icon-color:#000000;--grimlock-divider-icon-size:20px;--grimlock-divider-height:100px;--grimlock-divider-margin-top:0px;--grimlock-divider-margin-bottom:-100px;z-index:1;\"  >\n\t\t\t\t\n\t\t\t<div class=\"grimlock-divider__icon\">\n\n\t\t\t\t<svg width=\"40\" height=\"40\" xmlns=\"http:\/\/www.w3.org\/2000\/svg\" viewBox=\"0 0 40 40\"><\/svg>\n\n\t\t\t<\/div>\n\n\t\t\t\t\t\t\n\t\t\t<div class=\"grimlock-divider__shape\">\n\t\t\t\t<svg viewBox=\"0 0 1600 200\" xmlns=\"http:\/\/www.w3.org\/2000\/svg\" preserveAspectRatio=\"none\" class=\"grimlock-divider-svg grimlock-divider-svg--angle\" aria-hidden=\"true\"><path d=\"M-10 210h1620V.5L-10 183.9z\"><\/path><\/svg>\n\t\t\t<\/div>\n\n\t\t\t\t\t<\/div>\n\t\t\n\n\n<div class=\"wp-block-image zoooom index-9 is-style-shadow\"><figure class=\"aligncenter size-large\"><img loading=\"lazy\" decoding=\"async\" width=\"711\" height=\"1024\" src=\"https:\/\/kunstmetrodart.be\/wp-content\/uploads\/2021\/10\/metromap-nl-711x1024.jpg\" alt=\"\" class=\"wp-image-2729\" srcset=\"https:\/\/kunstmetrodart.be\/wp-content\/uploads\/2021\/10\/metromap-nl-711x1024.jpg 711w, https:\/\/kunstmetrodart.be\/wp-content\/uploads\/2021\/10\/metromap-nl-208x300.jpg 208w, https:\/\/kunstmetrodart.be\/wp-content\/uploads\/2021\/10\/metromap-nl-768x1106.jpg 768w, https:\/\/kunstmetrodart.be\/wp-content\/uploads\/2021\/10\/metromap-nl-1066x1536.jpg 1066w, https:\/\/kunstmetrodart.be\/wp-content\/uploads\/2021\/10\/metromap-nl-17x24.jpg 17w, https:\/\/kunstmetrodart.be\/wp-content\/uploads\/2021\/10\/metromap-nl-25x36.jpg 25w, https:\/\/kunstmetrodart.be\/wp-content\/uploads\/2021\/10\/metromap-nl-33x48.jpg 33w, https:\/\/kunstmetrodart.be\/wp-content\/uploads\/2021\/10\/metromap-nl.jpg 1333w\" sizes=\"auto, (max-width: 711px) 100vw, 711px\" \/><\/figure><\/div>\n\n\n\n<div class=\"wp-block-getwid-advanced-spacer\" style=\"height:4vw\" aria-hidden=\"true\"><\/div>\n<\/div><\/div>\n\n\n\n<div class=\"wp-block-group alignfull has-tertiary-background-color has-text-color has-background has-large-padding\" style=\"color:#ffffff\"><div class=\"wp-block-group__inner-container is-layout-flow wp-block-group-is-layout-flow\">\n<div class=\"wp-block-getwid-advanced-spacer\" style=\"height:2vw\" aria-hidden=\"true\"><\/div>\n\n\n\n<h4 class=\"has-text-align-center m-0 wp-block-heading\"><strong>WE NODIGEN U UIT NAAR HET MUSEUM OM OPTIMAAL<\/strong><br><strong> VAN DIT PROJECT TE KUNNEN GENIETEN<\/strong><\/h4>\n\n\n\n<div class=\"wp-block-getwid-advanced-spacer\" style=\"height:2vw\" aria-hidden=\"true\"><\/div>\n<\/div><\/div>\n\n\n\n<div class=\"wp-block-group getwid-block-content-padding-y has-background-image-vertical\"><div class=\"wp-block-group__inner-container is-layout-flow wp-block-group-is-layout-flow\">\n<h2 class=\"has-text-align-center pb-4 wp-block-heading\">Onze lijnen<\/h2>\n\n\n\n<div class=\"wp-block-getwid-content-timeline is-animated\" data-animation=\"fadeIn\" data-filling=\"true\"><div class=\"wp-block-getwid-content-timeline__line\"><div class=\"wp-block-getwid-content-timeline__bar\"><\/div><\/div><div class=\"wp-block-getwid-content-timeline__wrapper\">\n<div class=\"wp-block-getwid-content-timeline-item has-card-right\"><div class=\"wp-block-getwid-content-timeline-item__wrapper\"><div class=\"wp-block-getwid-content-timeline-item__card\"><div class=\"wp-block-getwid-content-timeline-item__card-wrapper\"><div class=\"wp-block-getwid-content-timeline-item__content-wrapper\">\n<div class=\"wp-block-image\"><figure class=\"aligncenter size-large is-resized\"><img loading=\"lazy\" decoding=\"async\" src=\"https:\/\/kunstmetrodart.be\/wp-content\/uploads\/2020\/11\/linepicto_antoinewielemans.png\" alt=\"\" class=\"wp-image-2243\" width=\"192\" height=\"192\" srcset=\"https:\/\/kunstmetrodart.be\/wp-content\/uploads\/2020\/11\/linepicto_antoinewielemans.png 256w, https:\/\/kunstmetrodart.be\/wp-content\/uploads\/2020\/11\/linepicto_antoinewielemans-150x150.png 150w, https:\/\/kunstmetrodart.be\/wp-content\/uploads\/2020\/11\/linepicto_antoinewielemans-24x24.png 24w, https:\/\/kunstmetrodart.be\/wp-content\/uploads\/2020\/11\/linepicto_antoinewielemans-36x36.png 36w, https:\/\/kunstmetrodart.be\/wp-content\/uploads\/2020\/11\/linepicto_antoinewielemans-48x48.png 48w\" sizes=\"auto, (max-width: 192px) 100vw, 192px\" \/><\/figure><\/div>\n\n\n\n<h4 class=\"has-text-align-center has-white-color has-text-color has-background wp-block-heading\" style=\"background-color:#ffb400\">Antoine Wielemans<\/h4>\n\n\n\n<p class=\"has-text-align-center has-small-font-size\"><em>Zangeres van de band Girls in Hawaii<\/em><\/p>\n\n\n\n<p>Dit museum is het eerste waar ik als tiener uit vrije wil kwam.&nbsp; Laten we eens kijken wat er van geworden is ! <\/p>\n\n\n\n<div class=\"wp-block-buttons is-content-justification-center is-layout-flex wp-block-buttons-is-layout-flex\">\n<div class=\"wp-block-button is-style-primary-outline\"><a class=\"wp-block-button__link\" href=\"https:\/\/www.youtube.com\/watch?v=MA5SABgsGQU\" target=\"_blank\" rel=\"noopener\">Bekijk de video<\/a><\/div>\n<\/div>\n<\/div><\/div><\/div><div class=\"wp-block-getwid-content-timeline-item__point\"><div class=\"wp-block-getwid-content-timeline-item__point-content\"><\/div><\/div><div class=\"wp-block-getwid-content-timeline-item__meta\"><\/div><\/div><\/div>\n\n\n\n<div class=\"wp-block-getwid-content-timeline-item has-card-left\"><div class=\"wp-block-getwid-content-timeline-item__wrapper\"><div class=\"wp-block-getwid-content-timeline-item__card\"><div class=\"wp-block-getwid-content-timeline-item__card-wrapper\"><div class=\"wp-block-getwid-content-timeline-item__content-wrapper\">\n<div class=\"wp-block-image\"><figure class=\"aligncenter size-large is-resized\"><img loading=\"lazy\" decoding=\"async\" src=\"https:\/\/kunstmetrodart.be\/wp-content\/uploads\/2020\/11\/linepicto_micheldraguet.png\" alt=\"\" class=\"wp-image-2264\" width=\"192\" height=\"192\" srcset=\"https:\/\/kunstmetrodart.be\/wp-content\/uploads\/2020\/11\/linepicto_micheldraguet.png 256w, https:\/\/kunstmetrodart.be\/wp-content\/uploads\/2020\/11\/linepicto_micheldraguet-150x150.png 150w, https:\/\/kunstmetrodart.be\/wp-content\/uploads\/2020\/11\/linepicto_micheldraguet-24x24.png 24w, https:\/\/kunstmetrodart.be\/wp-content\/uploads\/2020\/11\/linepicto_micheldraguet-36x36.png 36w, https:\/\/kunstmetrodart.be\/wp-content\/uploads\/2020\/11\/linepicto_micheldraguet-48x48.png 48w\" sizes=\"auto, (max-width: 192px) 100vw, 192px\" \/><\/figure><\/div>\n\n\n\n<h4 class=\"has-text-align-center has-white-color has-tridenary-background-color has-text-color has-background wp-block-heading\">Michel Draguet<\/h4>\n\n\n\n<p class=\"has-text-align-center has-small-font-size\"><em>Directeur van de Koninklijke Musea voor Schone Kunsten van Belgi\u00eb<\/em><\/p>\n\n\n\n<p>Het is mijn bedoeling om de bezoeker mee te nemen op een reis doorheen de geschiedenis van de verzamelingen: van de schilderkunst van de Vlaamse primitieven met Rogier Van der Weyden tot de hedendaagse kunst met Thierry De Cordier, waarvan het werk is geworteld in een traditie die teruggaat naar het vertrekpunt van het parcours\u2026 Dat is de idee van de metro !<\/p>\n\n\n\n<div class=\"wp-block-buttons is-content-justification-center is-layout-flex wp-block-buttons-is-layout-flex\">\n<div class=\"wp-block-button is-style-primary-outline\"><a class=\"wp-block-button__link\" href=\"https:\/\/www.youtube.com\/watch?v=7glygwLTRnQ\" target=\"_blank\" rel=\"noopener\">Bekijk de video<\/a><\/div>\n<\/div>\n<\/div><\/div><\/div><div class=\"wp-block-getwid-content-timeline-item__point\"><div class=\"wp-block-getwid-content-timeline-item__point-content\"><\/div><\/div><div class=\"wp-block-getwid-content-timeline-item__meta\"><\/div><\/div><\/div>\n\n\n\n<div class=\"wp-block-getwid-content-timeline-item has-card-right\"><div class=\"wp-block-getwid-content-timeline-item__wrapper\"><div class=\"wp-block-getwid-content-timeline-item__card\"><div class=\"wp-block-getwid-content-timeline-item__card-wrapper\"><div class=\"wp-block-getwid-content-timeline-item__content-wrapper\">\n<div class=\"wp-block-image\"><figure class=\"aligncenter size-large is-resized\"><img loading=\"lazy\" decoding=\"async\" src=\"https:\/\/kunstmetrodart.be\/wp-content\/uploads\/2020\/11\/linepicto_couleurrouge.png\" alt=\"\" class=\"wp-image-2249\" width=\"192\" height=\"192\" srcset=\"https:\/\/kunstmetrodart.be\/wp-content\/uploads\/2020\/11\/linepicto_couleurrouge.png 256w, https:\/\/kunstmetrodart.be\/wp-content\/uploads\/2020\/11\/linepicto_couleurrouge-150x150.png 150w, https:\/\/kunstmetrodart.be\/wp-content\/uploads\/2020\/11\/linepicto_couleurrouge-24x24.png 24w, https:\/\/kunstmetrodart.be\/wp-content\/uploads\/2020\/11\/linepicto_couleurrouge-36x36.png 36w, https:\/\/kunstmetrodart.be\/wp-content\/uploads\/2020\/11\/linepicto_couleurrouge-48x48.png 48w\" sizes=\"auto, (max-width: 192px) 100vw, 192px\" \/><\/figure><\/div>\n\n\n\n<h4 class=\"has-white-color has-text-color has-background wp-block-heading\" style=\"background-color:#e20e49\">De kleur rood<\/h4>\n\n\n\n<p>Van het einde van de middeleeuwen tot de hedendaagse kunst fungeert de kleur rood als een leidraad doorheen onze collecties.<\/p>\n\n\n\n<div class=\"wp-block-buttons is-content-justification-center is-layout-flex wp-block-buttons-is-layout-flex\">\n<div class=\"wp-block-button is-style-primary-outline\"><a class=\"wp-block-button__link\" href=\"https:\/\/www.youtube.com\/watch?v=nFyMKoTGiD4\" target=\"_blank\" rel=\"noopener\">Bekijk de video<\/a><\/div>\n<\/div>\n<\/div><\/div><\/div><div class=\"wp-block-getwid-content-timeline-item__point\"><div class=\"wp-block-getwid-content-timeline-item__point-content\"><\/div><\/div><div class=\"wp-block-getwid-content-timeline-item__meta\"><\/div><\/div><\/div>\n\n\n\n<div class=\"wp-block-getwid-content-timeline-item has-card-left\"><div class=\"wp-block-getwid-content-timeline-item__wrapper\"><div class=\"wp-block-getwid-content-timeline-item__card\"><div class=\"wp-block-getwid-content-timeline-item__card-wrapper\"><div class=\"wp-block-getwid-content-timeline-item__content-wrapper\">\n<div class=\"wp-block-image\"><figure class=\"aligncenter size-large is-resized\"><img loading=\"lazy\" decoding=\"async\" src=\"https:\/\/kunstmetrodart.be\/wp-content\/uploads\/2020\/11\/linepicto_ismespourlesnuls.png\" alt=\"\" class=\"wp-image-2258\" width=\"192\" height=\"192\" srcset=\"https:\/\/kunstmetrodart.be\/wp-content\/uploads\/2020\/11\/linepicto_ismespourlesnuls.png 256w, https:\/\/kunstmetrodart.be\/wp-content\/uploads\/2020\/11\/linepicto_ismespourlesnuls-150x150.png 150w, https:\/\/kunstmetrodart.be\/wp-content\/uploads\/2020\/11\/linepicto_ismespourlesnuls-24x24.png 24w, https:\/\/kunstmetrodart.be\/wp-content\/uploads\/2020\/11\/linepicto_ismespourlesnuls-36x36.png 36w, https:\/\/kunstmetrodart.be\/wp-content\/uploads\/2020\/11\/linepicto_ismespourlesnuls-48x48.png 48w\" sizes=\"auto, (max-width: 192px) 100vw, 192px\" \/><\/figure><\/div>\n\n\n\n<h4 class=\"has-gray-color has-text-color has-background wp-block-heading\" style=\"background-color:#ffd001\">De \u2013\u201cismen\u201d voor beginners\u2019<\/h4>\n\n\n\n<p>We willen de talrijke, enigszins barbaars klinkende termen uit de kunstgeschiedenis eindigend op \u2018isme\u2019 eenvoudig uitleggen.<\/p>\n\n\n\n<div class=\"wp-block-buttons is-content-justification-center is-layout-flex wp-block-buttons-is-layout-flex\">\n<div class=\"wp-block-button is-style-primary-outline\"><a class=\"wp-block-button__link\" href=\"https:\/\/www.youtube.com\/watch?v=UvIFh6DguZg\" target=\"_blank\" rel=\"noopener\">Bekijk de video<\/a><\/div>\n<\/div>\n<\/div><\/div><\/div><div class=\"wp-block-getwid-content-timeline-item__point\"><div class=\"wp-block-getwid-content-timeline-item__point-content\"><\/div><\/div><div class=\"wp-block-getwid-content-timeline-item__meta\"><\/div><\/div><\/div>\n\n\n\n<div class=\"wp-block-getwid-content-timeline-item has-card-right\"><div class=\"wp-block-getwid-content-timeline-item__wrapper\"><div class=\"wp-block-getwid-content-timeline-item__card\"><div class=\"wp-block-getwid-content-timeline-item__card-wrapper\"><div class=\"wp-block-getwid-content-timeline-item__content-wrapper\">\n<div class=\"wp-block-image\"><figure class=\"aligncenter size-large is-resized\"><img loading=\"lazy\" decoding=\"async\" src=\"https:\/\/kunstmetrodart.be\/wp-content\/uploads\/2020\/11\/linepicto_femmealoeuvre.png\" alt=\"\" class=\"wp-image-2255\" width=\"192\" height=\"192\" srcset=\"https:\/\/kunstmetrodart.be\/wp-content\/uploads\/2020\/11\/linepicto_femmealoeuvre.png 256w, https:\/\/kunstmetrodart.be\/wp-content\/uploads\/2020\/11\/linepicto_femmealoeuvre-150x150.png 150w, https:\/\/kunstmetrodart.be\/wp-content\/uploads\/2020\/11\/linepicto_femmealoeuvre-24x24.png 24w, https:\/\/kunstmetrodart.be\/wp-content\/uploads\/2020\/11\/linepicto_femmealoeuvre-36x36.png 36w, https:\/\/kunstmetrodart.be\/wp-content\/uploads\/2020\/11\/linepicto_femmealoeuvre-48x48.png 48w\" sizes=\"auto, (max-width: 192px) 100vw, 192px\" \/><\/figure><\/div>\n\n\n\n<h4 class=\"has-white-color has-text-color has-background wp-block-heading\" style=\"background-color:#00ae00\">Vrouwen aan het werk <\/h4>\n\n\n\n<p>Vrouwen speelden en spelen nog steeds een belangrijke rol in de kunstgeschiedenis, maar geraakten helaas al te vaak niet uit de anonimiteit.<\/p>\n\n\n\n<div class=\"wp-block-buttons is-content-justification-center is-layout-flex wp-block-buttons-is-layout-flex\">\n<div class=\"wp-block-button is-style-primary-outline\"><a class=\"wp-block-button__link\" href=\"https:\/\/www.youtube.com\/watch?v=W4O3rjeQWJY\" target=\"_blank\" rel=\"noopener\">Bekijk de video<\/a><\/div>\n<\/div>\n<\/div><\/div><\/div><div class=\"wp-block-getwid-content-timeline-item__point\"><div class=\"wp-block-getwid-content-timeline-item__point-content\"><\/div><\/div><div class=\"wp-block-getwid-content-timeline-item__meta\"><\/div><\/div><\/div>\n\n\n\n<div class=\"wp-block-getwid-content-timeline-item has-card-left\"><div class=\"wp-block-getwid-content-timeline-item__wrapper\"><div class=\"wp-block-getwid-content-timeline-item__card\"><div class=\"wp-block-getwid-content-timeline-item__card-wrapper\"><div class=\"wp-block-getwid-content-timeline-item__content-wrapper\">\n<div class=\"wp-block-image\"><figure class=\"aligncenter size-large is-resized\"><img loading=\"lazy\" decoding=\"async\" src=\"https:\/\/kunstmetrodart.be\/wp-content\/uploads\/2020\/11\/linepicto_petitebete.png\" alt=\"\" class=\"wp-image-2267\" width=\"192\" height=\"192\" srcset=\"https:\/\/kunstmetrodart.be\/wp-content\/uploads\/2020\/11\/linepicto_petitebete.png 256w, https:\/\/kunstmetrodart.be\/wp-content\/uploads\/2020\/11\/linepicto_petitebete-150x150.png 150w, https:\/\/kunstmetrodart.be\/wp-content\/uploads\/2020\/11\/linepicto_petitebete-24x24.png 24w, https:\/\/kunstmetrodart.be\/wp-content\/uploads\/2020\/11\/linepicto_petitebete-36x36.png 36w, https:\/\/kunstmetrodart.be\/wp-content\/uploads\/2020\/11\/linepicto_petitebete-48x48.png 48w\" sizes=\"auto, (max-width: 192px) 100vw, 192px\" \/><\/figure><\/div>\n\n\n\n<h4 class=\"has-white-color has-text-color has-background wp-block-heading\" style=\"background-color:#ff00dd\">Beestig mooi!<\/h4>\n\n\n\n<p>Ik had niet verwacht dat er zoveel kleine beestjes in het museum verborgen zaten!<\/p>\n\n\n\n<div class=\"wp-block-buttons is-content-justification-center is-layout-flex wp-block-buttons-is-layout-flex\">\n<div class=\"wp-block-button is-style-primary-outline\"><a class=\"wp-block-button__link\" href=\"https:\/\/www.youtube.com\/watch?v=AVROonC-dro\" target=\"_blank\" rel=\"noopener\">Bekijk de video<\/a><\/div>\n<\/div>\n<\/div><\/div><\/div><div class=\"wp-block-getwid-content-timeline-item__point\"><div class=\"wp-block-getwid-content-timeline-item__point-content\"><\/div><\/div><div class=\"wp-block-getwid-content-timeline-item__meta\"><\/div><\/div><\/div>\n\n\n\n<div class=\"wp-block-getwid-content-timeline-item has-card-right\"><div class=\"wp-block-getwid-content-timeline-item__wrapper\"><div class=\"wp-block-getwid-content-timeline-item__card\"><div class=\"wp-block-getwid-content-timeline-item__card-wrapper\"><div class=\"wp-block-getwid-content-timeline-item__content-wrapper\">\n<div class=\"wp-block-image\"><figure class=\"aligncenter size-large is-resized\"><img loading=\"lazy\" decoding=\"async\" src=\"https:\/\/kunstmetrodart.be\/wp-content\/uploads\/2020\/11\/linepicto_bruegel.png\" alt=\"\" class=\"wp-image-2246\" width=\"192\" height=\"192\" srcset=\"https:\/\/kunstmetrodart.be\/wp-content\/uploads\/2020\/11\/linepicto_bruegel.png 256w, https:\/\/kunstmetrodart.be\/wp-content\/uploads\/2020\/11\/linepicto_bruegel-150x150.png 150w, https:\/\/kunstmetrodart.be\/wp-content\/uploads\/2020\/11\/linepicto_bruegel-24x24.png 24w, https:\/\/kunstmetrodart.be\/wp-content\/uploads\/2020\/11\/linepicto_bruegel-36x36.png 36w, https:\/\/kunstmetrodart.be\/wp-content\/uploads\/2020\/11\/linepicto_bruegel-48x48.png 48w\" sizes=\"auto, (max-width: 192px) 100vw, 192px\" \/><\/figure><\/div>\n\n\n\n<h4 class=\"has-white-color has-text-color has-background wp-block-heading\" style=\"background-color:#ec5a29\">Bruegel en zijn tijd<\/h4>\n\n\n\n<p>De Bruegelzaal van de Musea is een echte schatkamer, waarin de tweede grootste verzameling ter wereld van zijn werken is ondergebracht.<\/p>\n\n\n\n<div class=\"wp-block-buttons is-content-justification-center is-layout-flex wp-block-buttons-is-layout-flex\">\n<div class=\"wp-block-button is-style-primary-outline\"><a class=\"wp-block-button__link\" href=\"https:\/\/www.youtube.com\/watch?v=DSnnmbXQdak\" target=\"_blank\" rel=\"noopener\">Bekijk de video<\/a><\/div>\n<\/div>\n<\/div><\/div><\/div><div class=\"wp-block-getwid-content-timeline-item__point\"><div class=\"wp-block-getwid-content-timeline-item__point-content\"><\/div><\/div><div class=\"wp-block-getwid-content-timeline-item__meta\"><\/div><\/div><\/div>\n\n\n\n<div class=\"wp-block-getwid-content-timeline-item has-card-left\"><div class=\"wp-block-getwid-content-timeline-item__wrapper\"><div class=\"wp-block-getwid-content-timeline-item__card\"><div class=\"wp-block-getwid-content-timeline-item__card-wrapper\"><div class=\"wp-block-getwid-content-timeline-item__content-wrapper\">\n<div class=\"wp-block-image\"><figure class=\"aligncenter size-large is-resized\"><img loading=\"lazy\" decoding=\"async\" src=\"https:\/\/kunstmetrodart.be\/wp-content\/uploads\/2020\/11\/linepicto_rubens.png\" alt=\"\" class=\"wp-image-2270\" width=\"192\" height=\"192\" srcset=\"https:\/\/kunstmetrodart.be\/wp-content\/uploads\/2020\/11\/linepicto_rubens.png 256w, https:\/\/kunstmetrodart.be\/wp-content\/uploads\/2020\/11\/linepicto_rubens-150x150.png 150w, https:\/\/kunstmetrodart.be\/wp-content\/uploads\/2020\/11\/linepicto_rubens-24x24.png 24w, https:\/\/kunstmetrodart.be\/wp-content\/uploads\/2020\/11\/linepicto_rubens-36x36.png 36w, https:\/\/kunstmetrodart.be\/wp-content\/uploads\/2020\/11\/linepicto_rubens-48x48.png 48w\" sizes=\"auto, (max-width: 192px) 100vw, 192px\" \/><\/figure><\/div>\n\n\n\n<h4 class=\"has-white-color has-text-color has-background wp-block-heading\" style=\"background-color:#995019\">Rubens en zijn tijd<\/h4>\n\n\n\n<p>De Rubenszaal is de centrale zaal van de afdeling oude kunst vanhet museum. De kunstdie Rubens meebracht uit Itali\u00eb was zeerrevolutionair. Rubens had een overweldigende invloed op de&nbsp;mythologische en religieuze schilderkunst van zijn tijd.<\/p>\n\n\n\n<div class=\"wp-block-buttons is-content-justification-center is-layout-flex wp-block-buttons-is-layout-flex\">\n<div class=\"wp-block-button is-style-primary-outline\"><a class=\"wp-block-button__link\" href=\"https:\/\/www.youtube.com\/watch?v=carB8yh_3xw\" target=\"_blank\" rel=\"noopener\">Bekijk de video<\/a><\/div>\n<\/div>\n<\/div><\/div><\/div><div class=\"wp-block-getwid-content-timeline-item__point\"><div class=\"wp-block-getwid-content-timeline-item__point-content\"><\/div><\/div><div class=\"wp-block-getwid-content-timeline-item__meta\"><\/div><\/div><\/div>\n\n\n\n<div class=\"wp-block-getwid-content-timeline-item has-card-right\"><div class=\"wp-block-getwid-content-timeline-item__wrapper\"><div class=\"wp-block-getwid-content-timeline-item__card\"><div class=\"wp-block-getwid-content-timeline-item__card-wrapper\"><div class=\"wp-block-getwid-content-timeline-item__content-wrapper\">\n<div class=\"wp-block-image\"><figure class=\"aligncenter size-large is-resized\"><img loading=\"lazy\" decoding=\"async\" src=\"https:\/\/kunstmetrodart.be\/wp-content\/uploads\/2020\/11\/linepicto_ensor.png\" alt=\"\" class=\"wp-image-2252\" width=\"192\" height=\"192\" srcset=\"https:\/\/kunstmetrodart.be\/wp-content\/uploads\/2020\/11\/linepicto_ensor.png 256w, https:\/\/kunstmetrodart.be\/wp-content\/uploads\/2020\/11\/linepicto_ensor-150x150.png 150w, https:\/\/kunstmetrodart.be\/wp-content\/uploads\/2020\/11\/linepicto_ensor-24x24.png 24w, https:\/\/kunstmetrodart.be\/wp-content\/uploads\/2020\/11\/linepicto_ensor-36x36.png 36w, https:\/\/kunstmetrodart.be\/wp-content\/uploads\/2020\/11\/linepicto_ensor-48x48.png 48w\" sizes=\"auto, (max-width: 192px) 100vw, 192px\" \/><\/figure><\/div>\n\n\n\n<h4 class=\"has-white-color has-text-color has-background wp-block-heading\" style=\"background-color:#ca62d1\">Ensor en les XX<\/h4>\n\n\n\n<p>De groep van Les XX drukte zijn stempel op de Belgische kunst en droeg bij tot haar internationale erkenning. Brussel groeide uit tot een belangrijk centrum van de avant-gardekunst.<\/p>\n\n\n\n<div class=\"wp-block-buttons is-content-justification-center is-layout-flex wp-block-buttons-is-layout-flex\">\n<div class=\"wp-block-button is-style-primary-outline\"><a class=\"wp-block-button__link\" href=\"https:\/\/www.youtube.com\/watch?v=q6je1xzvk0I\" target=\"_blank\" rel=\"noopener\">Bekijk de video<\/a><\/div>\n<\/div>\n<\/div><\/div><\/div><div class=\"wp-block-getwid-content-timeline-item__point\"><div class=\"wp-block-getwid-content-timeline-item__point-content\"><\/div><\/div><div class=\"wp-block-getwid-content-timeline-item__meta\"><\/div><\/div><\/div>\n\n\n\n<div class=\"wp-block-getwid-content-timeline-item has-card-left\"><div class=\"wp-block-getwid-content-timeline-item__wrapper\"><div class=\"wp-block-getwid-content-timeline-item__card\"><div class=\"wp-block-getwid-content-timeline-item__card-wrapper\"><div class=\"wp-block-getwid-content-timeline-item__content-wrapper\">\n<div class=\"wp-block-image\"><figure class=\"aligncenter size-large\"><img loading=\"lazy\" decoding=\"async\" width=\"256\" height=\"256\" src=\"https:\/\/kunstmetrodart.be\/wp-content\/uploads\/2020\/11\/linepicto_magritte.png\" alt=\"\" class=\"wp-image-2261\" srcset=\"https:\/\/kunstmetrodart.be\/wp-content\/uploads\/2020\/11\/linepicto_magritte.png 256w, https:\/\/kunstmetrodart.be\/wp-content\/uploads\/2020\/11\/linepicto_magritte-150x150.png 150w, https:\/\/kunstmetrodart.be\/wp-content\/uploads\/2020\/11\/linepicto_magritte-24x24.png 24w, https:\/\/kunstmetrodart.be\/wp-content\/uploads\/2020\/11\/linepicto_magritte-36x36.png 36w, https:\/\/kunstmetrodart.be\/wp-content\/uploads\/2020\/11\/linepicto_magritte-48x48.png 48w\" sizes=\"auto, (max-width: 256px) 100vw, 256px\" \/><\/figure><\/div>\n\n\n\n<h4 class=\"has-white-color has-text-color has-background wp-block-heading\" style=\"background-color:#a0cfed\">Magritte &amp; Co<\/h4>\n\n\n\n<p>Andr\u00e9 Breton publiceerde in 1924 in Parijs het&nbsp;<em class=\"\">Manifest van het Surrealisme<\/em>&nbsp;en hij omringde zich met een netwerk van kunstenaars, schilders en dichters, soms vanuit het buitenland (zoals Max Ernst en Salvador Dali). Ren\u00e9 Magritte vestigde zich tussen 1927 en 1930 in Parijs, maar hij was geen aanhanger van de idealen van de Franse harde kern. Magritte raakte in 1923 in de ban van het \u0153uvre van Giorgio de Chirico en ontwikkelde zijn eigen surrealisme. Er vormde zich een eerste Belgische groep in Brussel met figuren als Paul Noug\u00e9, Marcel Lecomte, E.L.T. Mesens, Camille Goemans, Louis Scutenaire en Ir\u00e8ne Hamoir, en later ook Marcel Mari\u00ebn en Jane Graverol.<\/p>\n\n\n\n<div class=\"wp-block-buttons is-content-justification-center is-layout-flex wp-block-buttons-is-layout-flex\">\n<div class=\"wp-block-button is-style-primary-outline\"><a class=\"wp-block-button__link\" href=\"https:\/\/www.youtube.com\/watch?v=2hNdnbjL488\" target=\"_blank\" rel=\"noopener\">Bekijk de video<\/a><\/div>\n<\/div>\n<\/div><\/div><\/div><div class=\"wp-block-getwid-content-timeline-item__point\"><div class=\"wp-block-getwid-content-timeline-item__point-content\"><\/div><\/div><div class=\"wp-block-getwid-content-timeline-item__meta\"><\/div><\/div><\/div>\n\n\n\n<div class=\"wp-block-getwid-content-timeline-item has-card-right\"><div class=\"wp-block-getwid-content-timeline-item__wrapper\"><div class=\"wp-block-getwid-content-timeline-item__card\"><div class=\"wp-block-getwid-content-timeline-item__card-wrapper\"><div class=\"wp-block-getwid-content-timeline-item__content-wrapper\">\n<div class=\"wp-block-image\"><figure class=\"aligncenter size-large is-resized\"><img loading=\"lazy\" decoding=\"async\" src=\"https:\/\/kunstmetrodart.be\/wp-content\/uploads\/2020\/11\/linepicto_xxe_1.png\" alt=\"\" class=\"wp-image-2273\" width=\"192\" height=\"192\" srcset=\"https:\/\/kunstmetrodart.be\/wp-content\/uploads\/2020\/11\/linepicto_xxe_1.png 256w, https:\/\/kunstmetrodart.be\/wp-content\/uploads\/2020\/11\/linepicto_xxe_1-150x150.png 150w, https:\/\/kunstmetrodart.be\/wp-content\/uploads\/2020\/11\/linepicto_xxe_1-24x24.png 24w, https:\/\/kunstmetrodart.be\/wp-content\/uploads\/2020\/11\/linepicto_xxe_1-36x36.png 36w, https:\/\/kunstmetrodart.be\/wp-content\/uploads\/2020\/11\/linepicto_xxe_1-48x48.png 48w\" sizes=\"auto, (max-width: 192px) 100vw, 192px\" \/><\/figure><\/div>\n\n\n\n<h4 class=\"has-white-color has-text-color has-background wp-block-heading\" style=\"background-color:#00a4a6\">Belgische kunst 20e eeuw (1900-1957)<\/h4>\n\n\n\n<p>We maken een wandeling door onze verzameling vroeg 20ste eeuwse kunst met aandacht voor Belgische kunst met enkele zwaartepunten zoals het Vlaams expressionisme,&nbsp;het surrealisme en de abstractie van een Georges Vantongerloo.&nbsp;<\/p>\n\n\n\n<div class=\"wp-block-buttons is-content-justification-center is-layout-flex wp-block-buttons-is-layout-flex\">\n<div class=\"wp-block-button is-style-primary-outline\"><a class=\"wp-block-button__link\" href=\"https:\/\/www.youtube.com\/watch?v=bJamBOrMq8I\" target=\"_blank\" rel=\"noopener\">Bekijk de video<\/a><\/div>\n<\/div>\n\n\n\n<p>&nbsp;<\/p>\n<\/div><\/div><\/div><div class=\"wp-block-getwid-content-timeline-item__point\"><div class=\"wp-block-getwid-content-timeline-item__point-content\"><\/div><\/div><div class=\"wp-block-getwid-content-timeline-item__meta\"><\/div><\/div><\/div>\n\n\n\n<div class=\"wp-block-getwid-content-timeline-item has-card-left\"><div class=\"wp-block-getwid-content-timeline-item__wrapper\"><div class=\"wp-block-getwid-content-timeline-item__card\"><div class=\"wp-block-getwid-content-timeline-item__card-wrapper\"><div class=\"wp-block-getwid-content-timeline-item__content-wrapper\">\n<div class=\"wp-block-image\"><figure class=\"aligncenter size-large is-resized\"><img loading=\"lazy\" decoding=\"async\" src=\"https:\/\/kunstmetrodart.be\/wp-content\/uploads\/2020\/11\/linepicto_xxe_2.png\" alt=\"\" class=\"wp-image-2276\" width=\"192\" height=\"192\" srcset=\"https:\/\/kunstmetrodart.be\/wp-content\/uploads\/2020\/11\/linepicto_xxe_2.png 256w, https:\/\/kunstmetrodart.be\/wp-content\/uploads\/2020\/11\/linepicto_xxe_2-150x150.png 150w, https:\/\/kunstmetrodart.be\/wp-content\/uploads\/2020\/11\/linepicto_xxe_2-24x24.png 24w, https:\/\/kunstmetrodart.be\/wp-content\/uploads\/2020\/11\/linepicto_xxe_2-36x36.png 36w, https:\/\/kunstmetrodart.be\/wp-content\/uploads\/2020\/11\/linepicto_xxe_2-48x48.png 48w\" sizes=\"auto, (max-width: 192px) 100vw, 192px\" \/><\/figure><\/div>\n\n\n\n<h4 class=\"has-gray-color has-text-color has-background wp-block-heading\" style=\"background-color:#bdd600\">Belgische kunst 20-21e eeuw (1957-2015)<\/h4>\n\n\n\n<p>Met deze lijn kunnen we de rijkdom en de veelzijdigheid van dit deel van de verzameling (1957-)&nbsp;tonen van de conceptuele kunst van Marcel Broodthaers tot de schilderijen van Luc Tuymans, via de&nbsp; beeldhouwwerken van Lili Dujourie en de videokunst van Agn\u00e8s Guillaume.<\/p>\n\n\n\n<div class=\"wp-block-buttons is-content-justification-center is-layout-flex wp-block-buttons-is-layout-flex\">\n<div class=\"wp-block-button is-style-primary-outline\"><a class=\"wp-block-button__link\" href=\"https:\/\/www.youtube.com\/watch?v=MrMq1W7YMXA\" target=\"_blank\" rel=\"noopener\">Bekijk de video<\/a><\/div>\n<\/div>\n<\/div><\/div><\/div><div class=\"wp-block-getwid-content-timeline-item__point\"><div class=\"wp-block-getwid-content-timeline-item__point-content\"><\/div><\/div><div class=\"wp-block-getwid-content-timeline-item__meta\"><\/div><\/div><\/div>\n<\/div><\/div>\n<\/div><\/div>\n\n\n            <div  class=\" wp-block-grimlock-section grimlock-section--btn-primary grimlock-section--kom-mee-reizen-in-onze-metrolijnen region grimlock-region grimlock-region--mt-0 grimlock-region--mb-0 grimlock-region--pt-7 grimlock-region--pb-7 grimlock-region--12-cols-center region--12-cols-center grimlock-region--container-classic region--container-classic grimlock-section section\" style=\"border-top-color:#eceeef;border-top-style:solid;border-top-width:0;border-bottom-color:#eceeef;border-bottom-style:solid;border-bottom-width:0;z-index:0;color:rgb(255, 255, 255);\"  >\n            <div class=\"grimlock-region__inner region__inner\" style=\"padding-top:7%;padding-bottom:7%;background-color:rgb(0, 0, 0);\">\n                <div class=\"grimlock-region__container region__container\">\n                    <div class=\"grimlock-region__row region__row\">\n                        <div class=\"grimlock-region__col grimlock-region__col--1 region__col region__col--1\">\n\t\t\t\t\t\t\t                        <\/div><!-- .region__col -->\n                        <div class=\"grimlock-region__col grimlock-region__col--2 region__col region__col--2\">\n\t\t\t\t\t\t\t\t        <div class=\"grimlock-section__header section__header\">\n\t\t\t\t\n            <h2 class=\"grimlock-section__title section__title grimlock-display-3 display-3\" style=\"color:rgb(255, 255, 255);\">\n\t\t\t\tKom mee reizen in onze metrolijnen            <\/h2>\n\t\t\t\t        <\/div><!-- .section__header -->\n\t\t\t\t        <div class=\"grimlock-section__content section__content\">\n\t\t\t\t            <div class=\"grimlock-section__text section__text\">\n\t\t\t\t<br \/>            <\/div>\n\t\t\t\t        <\/div><!-- .section__content -->\n\t\t\t\t        <div class=\"grimlock-section__footer section__footer\">\n\t            \n            <a href=\"https:\/\/kunstmetrodart.be\/nl\/informations-pratiques\/\" class=\"grimlock-section__btn grimlock-section__btn--1 section__btn btn grimlock-btn-primary btn-primary\" target=\"_blank\">\n\t            Praktische informatie            <\/a>\n\t\t\t\t            \t        <\/div><!-- .section__footer -->\n\t\t\t                        <\/div><!-- .region__col -->\n                    <\/div><!-- .region__row -->\n                <\/div><!-- .region__container -->\n            <\/div><!-- .region__inner -->\n            <\/div><!-- .grimlock-section -->\n\t\t\n\n\n<p><\/p>\n","protected":false},"excerpt":{"rendered":"<p>De Kunstmetrod\u2019art is een geschenk van de Vrienden van&nbsp; de Musea voor Schone Kunsten van Belgi\u00eb ter gelegenheid van het 50-jarig bestaan van de Vrienden en de diensten publieksbemiddeling en het 20-jarige bestaan van het Digitaal Museum.&nbsp; Dit gelanceerde project heeft als doel een interactieve toegankelijke kunstgeschiedenis van de 15e tot 21e eeuw aan te [&hellip;]<\/p>\n","protected":false},"author":1,"featured_media":0,"parent":0,"menu_order":0,"comment_status":"closed","ping_status":"closed","template":"template-classic-12-cols-left.php","meta":{"_coblocks_attr":"","_coblocks_dimensions":"","_coblocks_responsive_height":"","_coblocks_accordion_ie_support":"","footnotes":""},"class_list":["post-1885","page","type-page","status-publish","hentry"],"yoast_head":"<!-- This site is optimized with the Yoast SEO plugin v24.5 - https:\/\/yoast.com\/wordpress\/plugins\/seo\/ -->\n<title>Onze lijnen &#8226; Kunstm&eacute;trod&#039;art<\/title>\n<meta name=\"robots\" content=\"index, follow, max-snippet:-1, max-image-preview:large, max-video-preview:-1\" \/>\n<link rel=\"canonical\" href=\"https:\/\/kunstmetrodart.be\/nl\/onze-lijnen\/\" \/>\n<meta property=\"og:locale\" content=\"nl_NL\" \/>\n<meta property=\"og:type\" content=\"article\" \/>\n<meta property=\"og:title\" content=\"Onze lijnen &#8226; Kunstm&eacute;trod&#039;art\" \/>\n<meta property=\"og:description\" content=\"De Kunstmetrod\u2019art is een geschenk van de Vrienden van&nbsp; de Musea voor Schone Kunsten van Belgi\u00eb ter gelegenheid van het 50-jarig bestaan van de Vrienden en de diensten publieksbemiddeling en het 20-jarige bestaan van het Digitaal Museum.&nbsp; Dit gelanceerde project heeft als doel een interactieve toegankelijke kunstgeschiedenis van de 15e tot 21e eeuw aan te [&hellip;]\" \/>\n<meta property=\"og:url\" content=\"https:\/\/kunstmetrodart.be\/nl\/onze-lijnen\/\" \/>\n<meta property=\"og:site_name\" content=\"Kunstm&eacute;trod&#039;art\" \/>\n<meta property=\"article:modified_time\" content=\"2021-10-14T08:40:49+00:00\" \/>\n<meta property=\"og:image\" content=\"https:\/\/kunstmetrodart.be\/wp-content\/uploads\/2021\/10\/crown.jpg\" \/>\n<meta name=\"twitter:card\" content=\"summary_large_image\" \/>\n<meta name=\"twitter:label1\" content=\"Geschatte leestijd\" \/>\n\t<meta name=\"twitter:data1\" content=\"6 minuten\" \/>\n<script type=\"application\/ld+json\" class=\"yoast-schema-graph\">{\"@context\":\"https:\/\/schema.org\",\"@graph\":[{\"@type\":\"WebPage\",\"@id\":\"https:\/\/kunstmetrodart.be\/nl\/onze-lijnen\/\",\"url\":\"https:\/\/kunstmetrodart.be\/nl\/onze-lijnen\/\",\"name\":\"Onze lijnen &#8226; Kunstm&eacute;trod'art\",\"isPartOf\":{\"@id\":\"https:\/\/kunstmetrodart.be\/#website\"},\"primaryImageOfPage\":{\"@id\":\"https:\/\/kunstmetrodart.be\/nl\/onze-lijnen\/#primaryimage\"},\"image\":{\"@id\":\"https:\/\/kunstmetrodart.be\/nl\/onze-lijnen\/#primaryimage\"},\"thumbnailUrl\":\"https:\/\/kunstmetrodart.be\/wp-content\/uploads\/2021\/10\/crown.jpg\",\"datePublished\":\"2020-09-29T14:31:25+00:00\",\"dateModified\":\"2021-10-14T08:40:49+00:00\",\"breadcrumb\":{\"@id\":\"https:\/\/kunstmetrodart.be\/nl\/onze-lijnen\/#breadcrumb\"},\"inLanguage\":\"nl-NL\",\"potentialAction\":[{\"@type\":\"ReadAction\",\"target\":[\"https:\/\/kunstmetrodart.be\/nl\/onze-lijnen\/\"]}]},{\"@type\":\"ImageObject\",\"inLanguage\":\"nl-NL\",\"@id\":\"https:\/\/kunstmetrodart.be\/nl\/onze-lijnen\/#primaryimage\",\"url\":\"https:\/\/kunstmetrodart.be\/wp-content\/uploads\/2021\/10\/crown.jpg\",\"contentUrl\":\"https:\/\/kunstmetrodart.be\/wp-content\/uploads\/2021\/10\/crown.jpg\"},{\"@type\":\"BreadcrumbList\",\"@id\":\"https:\/\/kunstmetrodart.be\/nl\/onze-lijnen\/#breadcrumb\",\"itemListElement\":[{\"@type\":\"ListItem\",\"position\":1,\"name\":\"Home\",\"item\":\"https:\/\/kunstmetrodart.be\/nl\/\"},{\"@type\":\"ListItem\",\"position\":2,\"name\":\"Onze lijnen\"}]},{\"@type\":\"WebSite\",\"@id\":\"https:\/\/kunstmetrodart.be\/#website\",\"url\":\"https:\/\/kunstmetrodart.be\/\",\"name\":\"Kunstm\u00e9trod'art\",\"description\":\"L'histoire de l&rsquo;art au bout des doigts du XV&egrave;me au XXI&egrave;me si&egrave;cle\",\"publisher\":{\"@id\":\"https:\/\/kunstmetrodart.be\/#organization\"},\"potentialAction\":[{\"@type\":\"SearchAction\",\"target\":{\"@type\":\"EntryPoint\",\"urlTemplate\":\"https:\/\/kunstmetrodart.be\/?s={search_term_string}\"},\"query-input\":{\"@type\":\"PropertyValueSpecification\",\"valueRequired\":true,\"valueName\":\"search_term_string\"}}],\"inLanguage\":\"nl-NL\"},{\"@type\":\"Organization\",\"@id\":\"https:\/\/kunstmetrodart.be\/#organization\",\"name\":\"Kunstmetro d'art\",\"url\":\"https:\/\/kunstmetrodart.be\/\",\"logo\":{\"@type\":\"ImageObject\",\"inLanguage\":\"nl-NL\",\"@id\":\"https:\/\/kunstmetrodart.be\/#\/schema\/logo\/image\/\",\"url\":\"https:\/\/kunstmetrodart.be\/wp-content\/uploads\/2020\/10\/logo_kunstmetro-d_art_rvb-768x124-1.jpg\",\"contentUrl\":\"https:\/\/kunstmetrodart.be\/wp-content\/uploads\/2020\/10\/logo_kunstmetro-d_art_rvb-768x124-1.jpg\",\"width\":768,\"height\":124,\"caption\":\"Kunstmetro d'art\"},\"image\":{\"@id\":\"https:\/\/kunstmetrodart.be\/#\/schema\/logo\/image\/\"}}]}<\/script>\n<!-- \/ Yoast SEO plugin. -->","yoast_head_json":{"title":"Onze lijnen &#8226; Kunstm&eacute;trod'art","robots":{"index":"index","follow":"follow","max-snippet":"max-snippet:-1","max-image-preview":"max-image-preview:large","max-video-preview":"max-video-preview:-1"},"canonical":"https:\/\/kunstmetrodart.be\/nl\/onze-lijnen\/","og_locale":"nl_NL","og_type":"article","og_title":"Onze lijnen &#8226; Kunstm&eacute;trod'art","og_description":"De Kunstmetrod\u2019art is een geschenk van de Vrienden van&nbsp; de Musea voor Schone Kunsten van Belgi\u00eb ter gelegenheid van het 50-jarig bestaan van de Vrienden en de diensten publieksbemiddeling en het 20-jarige bestaan van het Digitaal Museum.&nbsp; Dit gelanceerde project heeft als doel een interactieve toegankelijke kunstgeschiedenis van de 15e tot 21e eeuw aan te [&hellip;]","og_url":"https:\/\/kunstmetrodart.be\/nl\/onze-lijnen\/","og_site_name":"Kunstm&eacute;trod'art","article_modified_time":"2021-10-14T08:40:49+00:00","og_image":[{"url":"https:\/\/kunstmetrodart.be\/wp-content\/uploads\/2021\/10\/crown.jpg","type":"","width":"","height":""}],"twitter_card":"summary_large_image","twitter_misc":{"Geschatte leestijd":"6 minuten"},"schema":{"@context":"https:\/\/schema.org","@graph":[{"@type":"WebPage","@id":"https:\/\/kunstmetrodart.be\/nl\/onze-lijnen\/","url":"https:\/\/kunstmetrodart.be\/nl\/onze-lijnen\/","name":"Onze lijnen &#8226; Kunstm&eacute;trod'art","isPartOf":{"@id":"https:\/\/kunstmetrodart.be\/#website"},"primaryImageOfPage":{"@id":"https:\/\/kunstmetrodart.be\/nl\/onze-lijnen\/#primaryimage"},"image":{"@id":"https:\/\/kunstmetrodart.be\/nl\/onze-lijnen\/#primaryimage"},"thumbnailUrl":"https:\/\/kunstmetrodart.be\/wp-content\/uploads\/2021\/10\/crown.jpg","datePublished":"2020-09-29T14:31:25+00:00","dateModified":"2021-10-14T08:40:49+00:00","breadcrumb":{"@id":"https:\/\/kunstmetrodart.be\/nl\/onze-lijnen\/#breadcrumb"},"inLanguage":"nl-NL","potentialAction":[{"@type":"ReadAction","target":["https:\/\/kunstmetrodart.be\/nl\/onze-lijnen\/"]}]},{"@type":"ImageObject","inLanguage":"nl-NL","@id":"https:\/\/kunstmetrodart.be\/nl\/onze-lijnen\/#primaryimage","url":"https:\/\/kunstmetrodart.be\/wp-content\/uploads\/2021\/10\/crown.jpg","contentUrl":"https:\/\/kunstmetrodart.be\/wp-content\/uploads\/2021\/10\/crown.jpg"},{"@type":"BreadcrumbList","@id":"https:\/\/kunstmetrodart.be\/nl\/onze-lijnen\/#breadcrumb","itemListElement":[{"@type":"ListItem","position":1,"name":"Home","item":"https:\/\/kunstmetrodart.be\/nl\/"},{"@type":"ListItem","position":2,"name":"Onze lijnen"}]},{"@type":"WebSite","@id":"https:\/\/kunstmetrodart.be\/#website","url":"https:\/\/kunstmetrodart.be\/","name":"Kunstm\u00e9trod'art","description":"L'histoire de l&rsquo;art au bout des doigts du XV&egrave;me au XXI&egrave;me si&egrave;cle","publisher":{"@id":"https:\/\/kunstmetrodart.be\/#organization"},"potentialAction":[{"@type":"SearchAction","target":{"@type":"EntryPoint","urlTemplate":"https:\/\/kunstmetrodart.be\/?s={search_term_string}"},"query-input":{"@type":"PropertyValueSpecification","valueRequired":true,"valueName":"search_term_string"}}],"inLanguage":"nl-NL"},{"@type":"Organization","@id":"https:\/\/kunstmetrodart.be\/#organization","name":"Kunstmetro d'art","url":"https:\/\/kunstmetrodart.be\/","logo":{"@type":"ImageObject","inLanguage":"nl-NL","@id":"https:\/\/kunstmetrodart.be\/#\/schema\/logo\/image\/","url":"https:\/\/kunstmetrodart.be\/wp-content\/uploads\/2020\/10\/logo_kunstmetro-d_art_rvb-768x124-1.jpg","contentUrl":"https:\/\/kunstmetrodart.be\/wp-content\/uploads\/2020\/10\/logo_kunstmetro-d_art_rvb-768x124-1.jpg","width":768,"height":124,"caption":"Kunstmetro d'art"},"image":{"@id":"https:\/\/kunstmetrodart.be\/#\/schema\/logo\/image\/"}}]}},"_links":{"self":[{"href":"https:\/\/kunstmetrodart.be\/nl\/wp-json\/wp\/v2\/pages\/1885","targetHints":{"allow":["GET"]}}],"collection":[{"href":"https:\/\/kunstmetrodart.be\/nl\/wp-json\/wp\/v2\/pages"}],"about":[{"href":"https:\/\/kunstmetrodart.be\/nl\/wp-json\/wp\/v2\/types\/page"}],"author":[{"embeddable":true,"href":"https:\/\/kunstmetrodart.be\/nl\/wp-json\/wp\/v2\/users\/1"}],"replies":[{"embeddable":true,"href":"https:\/\/kunstmetrodart.be\/nl\/wp-json\/wp\/v2\/comments?post=1885"}],"version-history":[{"count":10,"href":"https:\/\/kunstmetrodart.be\/nl\/wp-json\/wp\/v2\/pages\/1885\/revisions"}],"predecessor-version":[{"id":2739,"href":"https:\/\/kunstmetrodart.be\/nl\/wp-json\/wp\/v2\/pages\/1885\/revisions\/2739"}],"wp:attachment":[{"href":"https:\/\/kunstmetrodart.be\/nl\/wp-json\/wp\/v2\/media?parent=1885"}],"curies":[{"name":"wp","href":"https:\/\/api.w.org\/{rel}","templated":true}]}}